{"id":24,"date":"2016-07-03T12:24:33","date_gmt":"2016-07-03T10:24:33","guid":{"rendered":"http:\/\/www.nadaciakrestanskaobnova.sk\/?page_id=24"},"modified":"2026-03-11T09:20:51","modified_gmt":"2026-03-11T07:20:51","slug":"kontakt","status":"publish","type":"page","link":"http:\/\/www.nadaciakrestanskaobnova.sk\/?page_id=24","title":{"rendered":"Kontakt"},"content":{"rendered":"<h3><span style=\"color: #808000;\"><strong><em>Nad\u00e1cia Kres\u0165ansk\u00e1 obnova<\/em><\/strong><\/span><\/h3>\n<h4><strong><span style=\"color: #808000;\">Sl\u00e1dkovi\u010dova 16\/60<\/span><\/strong><br \/>\n<strong> <span style=\"color: #808000;\"> 965 01 \u017diar nad Hronom<\/span><\/strong><\/h4>\n<p><a href=\"mailto:info@nadaciakrestanskaobnova.sk\">info@nadaciakrestanskaobnova.sk<\/a><\/p>\n<h3><span style=\"color: #808000;\"><strong><em>Spr\u00e1vna rada Nad\u00e1cie<\/em><\/strong><\/span><\/h3>\n<h3><strong><span style=\"text-decoration: underline;\">Predsedn\u00ed\u010dka<\/span><\/strong><\/h3>\n<h3><strong>MU<img loading=\"lazy\" decoding=\"async\" class=\"wp-image-141 alignleft\" src=\"http:\/\/www.nadaciakrestanskaobnova.sk\/wp-content\/uploads\/2016\/07\/Dr.Voldanova-216x300.jpg\" alt=\"Dr.Voldanova\" width=\"68\" height=\"94\" srcset=\"http:\/\/www.nadaciakrestanskaobnova.sk\/wp-content\/uploads\/2016\/07\/Dr.Voldanova-216x300.jpg 216w, http:\/\/www.nadaciakrestanskaobnova.sk\/wp-content\/uploads\/2016\/07\/Dr.Voldanova.jpg 363w\" sizes=\"auto, (max-width: 68px) 100vw, 68px\" \/>Dr. O\u013ega Vold\u00e1nov\u00e1<\/strong><br \/>\n+421-907-886705<br \/>\n<a href=\"mailto:ovoldanova@hotmail.com\">ovoldanova@hotmail.com<\/a><\/h3>\n<p>&nbsp;<\/p>\n<h3><strong><span style=\"text-decoration: underline;\">\u010clenovia Spr\u00e1vnej rady<\/span><\/strong><\/h3>\n<p><strong>Mgr. Jozef Pacek<\/strong><br \/>\n+421-911-890796<br \/>\n<a href=\"mailto:jmpacek@gmail.com\">jmpacek@gmail.com<\/a><br \/>\n\u010dlen Spr\u00e1vnej rady a ev. a.v. far\u00e1r v Kremnici<\/p>\n<p><img loading=\"lazy\" decoding=\"async\" class=\"wp-image-144 alignleft\" src=\"http:\/\/www.nadaciakrestanskaobnova.sk\/wp-content\/uploads\/2016\/07\/E.Borikova-225x300.jpg\" alt=\"kur\u00e1torka Ev. cirkvi a.v. v Kremnici, dc\u00e9rocirkev \u017diar nad Hronom Viac tu: http:\/\/nadaciakrestanskaobnova.webnode.sk\/o-nas\/\" width=\"68\" height=\"91\" srcset=\"http:\/\/www.nadaciakrestanskaobnova.sk\/wp-content\/uploads\/2016\/07\/E.Borikova-225x300.jpg 225w, http:\/\/www.nadaciakrestanskaobnova.sk\/wp-content\/uploads\/2016\/07\/E.Borikova.jpg 576w\" sizes=\"auto, (max-width: 68px) 100vw, 68px\" \/><\/p>\n<h3><strong>p. Elena Borikov\u00e1<\/strong><br \/>\n+421-948-507642<br \/>\n<a href=\"mailto:elenaborikova77@gmail.com\">elenaborikova77@gmail.com<\/a><br \/>\n\u010dlenka Spr\u00e1vnej rady a kur\u00e1torka ECAV\u00a0v Kremnici,<br \/>\ndc\u00e9rocirkev\u00a0 \u017diar nad Hronom<\/h3>\n<p>&nbsp;<\/p>\n<p><strong>p. Bo\u017eena Schniererov\u00e1<\/strong><br \/>\n<a href=\"mailto:bozenasch@gmail.com\">bozenasch@gmail.com<\/a><br \/>\n\u010dlenka\u00a0 Spr\u00e1vnej rady<\/p>\n<p><strong>JUDr. \u013dudmila Petru\u0161ov\u00e1<\/strong><br \/>\n+421-45-6723300<br \/>\n<a href=\"mailto:kancelaria@advokatpetrusova.sk\">kancelaria@advokatpetrusova.sk<\/a><br \/>\n\u010dlenka Spr\u00e1vnej rady<\/p>\n<p><strong>Ing. Igor Tr\u010dka<\/strong><br \/>\n+421-904-490930<br \/>\n<a href=\"mailto:igor.trcka@gmail.com\">igor.trcka@gmail.com<\/a><br \/>\n\u010dlen Spr\u00e1vnej rady<\/p>\n<p><strong style=\"font-size: 1.4em;\">Rev\u00edzor nad\u00e1cie<\/strong><\/p>\n<p><strong>Jana Martinsk\u00e1<\/strong><\/p>\n<p><strong>+421-907-605510\u00a0<\/strong><\/p>\n<h3><span style=\"text-decoration: underline;\"><strong>Spr\u00e1vca Nad\u00e1cie a\u00a0administr\u00e1tor web str\u00e1nky <\/strong><\/span><\/h3>\n<p><strong><a href=\"http:\/\/www.nadaciakrestanskaobnova.sk\/wp-content\/uploads\/2021\/05\/ij.png\"><img loading=\"lazy\" decoding=\"async\" class=\" wp-image-1956 alignleft\" src=\"http:\/\/www.nadaciakrestanskaobnova.sk\/wp-content\/uploads\/2021\/05\/ij-150x150.png\" alt=\"\" width=\"92\" height=\"92\" \/><\/a><\/strong><strong>Ing. Ivan Jur\u00ed\u010dek<\/strong><br \/>\n+421 907 569298<br \/>\n<a href=\"mailto:info@nadaciakrestanskaobnova.sk\" target=\"_blank\" rel=\"noopener noreferrer\">info@nadaciakrestanskaobnova.sk<\/a><\/p>\n<p>&nbsp;<\/p>\n","protected":false},"excerpt":{"rendered":"<p>Nad\u00e1cia Kres\u0165ansk\u00e1 obnova Sl\u00e1dkovi\u010dova 16\/60 965 01 \u017diar nad Hronom info@nadaciakrestanskaobnova.sk Spr\u00e1vna rada Nad\u00e1cie Predsedn\u00ed\u010dka MUDr. O\u013ega Vold\u00e1nov\u00e1 +421-907-886705 ovoldanova@hotmail.com &nbsp; \u010clenovia Spr\u00e1vnej rady Mgr. Jozef Pacek +421-911-890796 jmpacek@gmail.com \u010dlen Spr\u00e1vnej rady a ev. a.v. far\u00e1r v Kremnici p. Elena &hellip; <a href=\"http:\/\/www.nadaciakrestanskaobnova.sk\/?page_id=24\">Pokra\u010dova\u0165 v \u010d\u00edtan\u00ed <span class=\"meta-nav\">&rarr;<\/span><\/a><\/p>\n","protected":false},"author":1,"featured_media":0,"parent":0,"menu_order":0,"comment_status":"closed","ping_status":"closed","template":"","meta":{"footnotes":""},"class_list":["post-24","page","type-page","status-publish","hentry"],"_links":{"self":[{"href":"http:\/\/www.nadaciakrestanskaobnova.sk\/index.php?rest_route=\/wp\/v2\/pages\/24","targetHints":{"allow":["GET"]}}],"collection":[{"href":"http:\/\/www.nadaciakrestanskaobnova.sk\/index.php?rest_route=\/wp\/v2\/pages"}],"about":[{"href":"http:\/\/www.nadaciakrestanskaobnova.sk\/index.php?rest_route=\/wp\/v2\/types\/page"}],"author":[{"embeddable":true,"href":"http:\/\/www.nadaciakrestanskaobnova.sk\/index.php?rest_route=\/wp\/v2\/users\/1"}],"replies":[{"embeddable":true,"href":"http:\/\/www.nadaciakrestanskaobnova.sk\/index.php?rest_route=%2Fwp%2Fv2%2Fcomments&post=24"}],"version-history":[{"count":44,"href":"http:\/\/www.nadaciakrestanskaobnova.sk\/index.php?rest_route=\/wp\/v2\/pages\/24\/revisions"}],"predecessor-version":[{"id":2074,"href":"http:\/\/www.nadaciakrestanskaobnova.sk\/index.php?rest_route=\/wp\/v2\/pages\/24\/revisions\/2074"}],"wp:attachment":[{"href":"http:\/\/www.nadaciakrestanskaobnova.sk\/index.php?rest_route=%2Fwp%2Fv2%2Fmedia&parent=24"}],"curies":[{"name":"wp","href":"https:\/\/api.w.org\/{rel}","templated":true}]}}