{"id":333,"date":"2016-08-29T23:43:01","date_gmt":"2016-08-29T21:43:01","guid":{"rendered":"http:\/\/www.nadaciakrestanskaobnova.sk\/?page_id=333"},"modified":"2020-04-19T17:11:32","modified_gmt":"2020-04-19T15:11:32","slug":"333-2","status":"publish","type":"page","link":"http:\/\/www.nadaciakrestanskaobnova.sk\/?page_id=333","title":{"rendered":"Medit\u00e1cie,  predn\u00e1\u0161ky, k\u00e1zne a report\u00e1\u017ee"},"content":{"rendered":"<p>S l\u00e1skav\u00fdm s\u00fahlasom autora rev. Dr. Du\u0161ana T\u00f3tha<\/p>\n<p><span style=\"text-decoration: underline;\"><span style=\"color: #339966;\"><em><strong>MEDIT\u00c1CIE 1<\/strong><\/em><\/span><\/span><\/p>\n<p>Dar zraku<\/p>\n<audio class=\"wp-audio-shortcode\" id=\"audio-333-1\" preload=\"none\" style=\"width: 100%;\" controls=\"controls\"><source type=\"audio\/mpeg\" src=\"http:\/\/www.nadaciakrestanskaobnova.sk\/wp-content\/uploads\/2016\/08\/01-Dar-zraku.mp3?_=1\" \/><a href=\"http:\/\/www.nadaciakrestanskaobnova.sk\/wp-content\/uploads\/2016\/08\/01-Dar-zraku.mp3\">http:\/\/www.nadaciakrestanskaobnova.sk\/wp-content\/uploads\/2016\/08\/01-Dar-zraku.mp3<\/a><\/audio>\n<p>Ak\u00fd bol d\u00f4vod tvojho pr\u00edchodu na svet<\/p>\n<audio class=\"wp-audio-shortcode\" id=\"audio-333-2\" preload=\"none\" style=\"width: 100%;\" controls=\"controls\"><source type=\"audio\/mpeg\" src=\"http:\/\/www.nadaciakrestanskaobnova.sk\/wp-content\/uploads\/2016\/08\/02-Ak\u00fd-bol-d\u00f4vod-tvojho-pr\u00edchodu-na-svet-.mp3?_=2\" \/><a href=\"http:\/\/www.nadaciakrestanskaobnova.sk\/wp-content\/uploads\/2016\/08\/02-Ak\u00fd-bol-d\u00f4vod-tvojho-pr\u00edchodu-na-svet-.mp3\">http:\/\/www.nadaciakrestanskaobnova.sk\/wp-content\/uploads\/2016\/08\/02-Ak\u00fd-bol-d\u00f4vod-tvojho-pr\u00edchodu-na-svet-.mp3<\/a><\/audio>\n<p>Kde sa nach\u00e1dza \u0161\u0165astie<\/p>\n<audio class=\"wp-audio-shortcode\" id=\"audio-333-3\" preload=\"none\" style=\"width: 100%;\" controls=\"controls\"><source type=\"audio\/mpeg\" src=\"http:\/\/www.nadaciakrestanskaobnova.sk\/wp-content\/uploads\/2016\/08\/03-Kde-sa-nach\u00e1dza-\u0161\u0165astie-.mp3?_=3\" \/><a href=\"http:\/\/www.nadaciakrestanskaobnova.sk\/wp-content\/uploads\/2016\/08\/03-Kde-sa-nach\u00e1dza-\u0161\u0165astie-.mp3\">http:\/\/www.nadaciakrestanskaobnova.sk\/wp-content\/uploads\/2016\/08\/03-Kde-sa-nach\u00e1dza-\u0161\u0165astie-.mp3<\/a><\/audio>\n<p>Kto som- pre\u010do som na svete<\/p>\n<audio class=\"wp-audio-shortcode\" id=\"audio-333-4\" preload=\"none\" style=\"width: 100%;\" controls=\"controls\"><source type=\"audio\/mpeg\" src=\"http:\/\/www.nadaciakrestanskaobnova.sk\/wp-content\/uploads\/2016\/08\/04-Kto-som-re\u010do-som-na-svete.mp3?_=4\" \/><a href=\"http:\/\/www.nadaciakrestanskaobnova.sk\/wp-content\/uploads\/2016\/08\/04-Kto-som-re\u010do-som-na-svete.mp3\">http:\/\/www.nadaciakrestanskaobnova.sk\/wp-content\/uploads\/2016\/08\/04-Kto-som-re\u010do-som-na-svete.mp3<\/a><\/audio>\n<p>Je potrebn\u00e9 e\u0161te predstavi\u0165 Je\u017ei\u0161a<\/p>\n<audio class=\"wp-audio-shortcode\" id=\"audio-333-5\" preload=\"none\" style=\"width: 100%;\" controls=\"controls\"><source type=\"audio\/mpeg\" src=\"http:\/\/www.nadaciakrestanskaobnova.sk\/wp-content\/uploads\/2016\/08\/05-Je-potrebn\u00e9-e\u0161te-predstavi\u0165-Je\u017ei\u0161a-.mp3?_=5\" \/><a href=\"http:\/\/www.nadaciakrestanskaobnova.sk\/wp-content\/uploads\/2016\/08\/05-Je-potrebn\u00e9-e\u0161te-predstavi\u0165-Je\u017ei\u0161a-.mp3\">http:\/\/www.nadaciakrestanskaobnova.sk\/wp-content\/uploads\/2016\/08\/05-Je-potrebn\u00e9-e\u0161te-predstavi\u0165-Je\u017ei\u0161a-.mp3<\/a><\/audio>\n<p>Vyznanie ku D\u0148u matiek<\/p>\n<audio class=\"wp-audio-shortcode\" id=\"audio-333-6\" preload=\"none\" style=\"width: 100%;\" controls=\"controls\"><source type=\"audio\/mpeg\" src=\"http:\/\/www.nadaciakrestanskaobnova.sk\/wp-content\/uploads\/2016\/08\/06-Vyznanie-ku-D\u0148u-matiek.mp3?_=6\" \/><a href=\"http:\/\/www.nadaciakrestanskaobnova.sk\/wp-content\/uploads\/2016\/08\/06-Vyznanie-ku-D\u0148u-matiek.mp3\">http:\/\/www.nadaciakrestanskaobnova.sk\/wp-content\/uploads\/2016\/08\/06-Vyznanie-ku-D\u0148u-matiek.mp3<\/a><\/audio>\n<p>Dotyky l\u00e1sky<\/p>\n<audio class=\"wp-audio-shortcode\" id=\"audio-333-7\" preload=\"none\" style=\"width: 100%;\" controls=\"controls\"><source type=\"audio\/mpeg\" src=\"http:\/\/www.nadaciakrestanskaobnova.sk\/wp-content\/uploads\/2016\/08\/07-Dotyky-l\u00e1sky.mp3?_=7\" \/><a href=\"http:\/\/www.nadaciakrestanskaobnova.sk\/wp-content\/uploads\/2016\/08\/07-Dotyky-l\u00e1sky.mp3\">http:\/\/www.nadaciakrestanskaobnova.sk\/wp-content\/uploads\/2016\/08\/07-Dotyky-l\u00e1sky.mp3<\/a><\/audio>\n<p>De\u0165om patr\u00ed \u010dasnos\u0165 i ve\u010dnos\u0165<\/p>\n<audio class=\"wp-audio-shortcode\" id=\"audio-333-8\" preload=\"none\" style=\"width: 100%;\" controls=\"controls\"><source type=\"audio\/mpeg\" src=\"http:\/\/www.nadaciakrestanskaobnova.sk\/wp-content\/uploads\/2016\/08\/08-De\u0165om-patr\u00ed-\u010dasnos\u0165-i-ve\u010dnos\u0165.mp3?_=8\" \/><a href=\"http:\/\/www.nadaciakrestanskaobnova.sk\/wp-content\/uploads\/2016\/08\/08-De\u0165om-patr\u00ed-\u010dasnos\u0165-i-ve\u010dnos\u0165.mp3\">http:\/\/www.nadaciakrestanskaobnova.sk\/wp-content\/uploads\/2016\/08\/08-De\u0165om-patr\u00ed-\u010dasnos\u0165-i-ve\u010dnos\u0165.mp3<\/a><\/audio>\n<p>Spomienka na otca<\/p>\n<audio class=\"wp-audio-shortcode\" id=\"audio-333-9\" preload=\"none\" style=\"width: 100%;\" controls=\"controls\"><source type=\"audio\/mpeg\" src=\"http:\/\/www.nadaciakrestanskaobnova.sk\/wp-content\/uploads\/2016\/08\/09-Spomienka-na-otca.mp3?_=9\" \/><a href=\"http:\/\/www.nadaciakrestanskaobnova.sk\/wp-content\/uploads\/2016\/08\/09-Spomienka-na-otca.mp3\">http:\/\/www.nadaciakrestanskaobnova.sk\/wp-content\/uploads\/2016\/08\/09-Spomienka-na-otca.mp3<\/a><\/audio>\n<p>Umenie milova\u0165<\/p>\n<audio class=\"wp-audio-shortcode\" id=\"audio-333-10\" preload=\"none\" style=\"width: 100%;\" controls=\"controls\"><source type=\"audio\/mpeg\" src=\"http:\/\/www.nadaciakrestanskaobnova.sk\/wp-content\/uploads\/2016\/08\/10-Umenie-milova\u0165.mp3?_=10\" \/><a href=\"http:\/\/www.nadaciakrestanskaobnova.sk\/wp-content\/uploads\/2016\/08\/10-Umenie-milova\u0165.mp3\">http:\/\/www.nadaciakrestanskaobnova.sk\/wp-content\/uploads\/2016\/08\/10-Umenie-milova\u0165.mp3<\/a><\/audio>\n<p>\u00dasmev<\/p>\n<audio class=\"wp-audio-shortcode\" id=\"audio-333-11\" preload=\"none\" style=\"width: 100%;\" controls=\"controls\"><source type=\"audio\/mpeg\" src=\"http:\/\/www.nadaciakrestanskaobnova.sk\/wp-content\/uploads\/2016\/08\/11-\u00dasmev.mp3?_=11\" \/><a href=\"http:\/\/www.nadaciakrestanskaobnova.sk\/wp-content\/uploads\/2016\/08\/11-\u00dasmev.mp3\">http:\/\/www.nadaciakrestanskaobnova.sk\/wp-content\/uploads\/2016\/08\/11-\u00dasmev.mp3<\/a><\/audio>\n<p>Vie\u0161\u009a o tom, \u017e\u009ee si z\u00e1zrak?<\/p>\n<audio class=\"wp-audio-shortcode\" id=\"audio-333-12\" preload=\"none\" style=\"width: 100%;\" controls=\"controls\"><source type=\"audio\/mpeg\" src=\"http:\/\/www.nadaciakrestanskaobnova.sk\/wp-content\/uploads\/2016\/08\/12-Vie\u0161-o-tom-\u017ee-si-z\u00e1zrak-.mp3?_=12\" \/><a href=\"http:\/\/www.nadaciakrestanskaobnova.sk\/wp-content\/uploads\/2016\/08\/12-Vie\u0161-o-tom-\u017ee-si-z\u00e1zrak-.mp3\">http:\/\/www.nadaciakrestanskaobnova.sk\/wp-content\/uploads\/2016\/08\/12-Vie\u0161-o-tom-\u017ee-si-z\u00e1zrak-.mp3<\/a><\/audio>\n<p>N\u00e1\u009a\u0161 \u017eivot je sk\u00fa\u0161\u009aka-ver\u00ed\u009a\u0161 v seba?<\/p>\n<audio class=\"wp-audio-shortcode\" id=\"audio-333-13\" preload=\"none\" style=\"width: 100%;\" controls=\"controls\"><source type=\"audio\/mpeg\" src=\"http:\/\/www.nadaciakrestanskaobnova.sk\/wp-content\/uploads\/2016\/08\/13-N\u00e1\u0161-\u017eivot-je-sk\u00fa\u0161ka-ver\u00ed\u0161-v-seba-.mp3?_=13\" \/><a href=\"http:\/\/www.nadaciakrestanskaobnova.sk\/wp-content\/uploads\/2016\/08\/13-N\u00e1\u0161-\u017eivot-je-sk\u00fa\u0161ka-ver\u00ed\u0161-v-seba-.mp3\">http:\/\/www.nadaciakrestanskaobnova.sk\/wp-content\/uploads\/2016\/08\/13-N\u00e1\u0161-\u017eivot-je-sk\u00fa\u0161ka-ver\u00ed\u0161-v-seba-.mp3<\/a><\/audio>\n<p>Ver\u00ed\u009a\u0161 v dobro \u010dloveka?<\/p>\n<audio class=\"wp-audio-shortcode\" id=\"audio-333-14\" preload=\"none\" style=\"width: 100%;\" controls=\"controls\"><source type=\"audio\/mpeg\" src=\"http:\/\/www.nadaciakrestanskaobnova.sk\/wp-content\/uploads\/2016\/08\/14-Ver\u00ed\u0161-v-dobro-\u010dloveka-.mp3?_=14\" \/><a href=\"http:\/\/www.nadaciakrestanskaobnova.sk\/wp-content\/uploads\/2016\/08\/14-Ver\u00ed\u0161-v-dobro-\u010dloveka-.mp3\">http:\/\/www.nadaciakrestanskaobnova.sk\/wp-content\/uploads\/2016\/08\/14-Ver\u00ed\u0161-v-dobro-\u010dloveka-.mp3<\/a><\/audio>\n<p><span style=\"text-decoration: underline;\"><span style=\"color: #339966;\"><em><strong><br \/>\nMEDIT\u00c1CIE\u00a02<\/strong><\/em><\/span><\/span><br \/>\n\u00dacta k tajomstvu \u017eivota<\/p>\n<audio class=\"wp-audio-shortcode\" id=\"audio-333-15\" preload=\"none\" style=\"width: 100%;\" controls=\"controls\"><source type=\"audio\/mpeg\" src=\"http:\/\/www.nadaciakrestanskaobnova.sk\/wp-content\/uploads\/2016\/08\/01-\u00dacta-k-tajomstvu-\u017eivota.mp3?_=15\" \/><a href=\"http:\/\/www.nadaciakrestanskaobnova.sk\/wp-content\/uploads\/2016\/08\/01-\u00dacta-k-tajomstvu-\u017eivota.mp3\">http:\/\/www.nadaciakrestanskaobnova.sk\/wp-content\/uploads\/2016\/08\/01-\u00dacta-k-tajomstvu-\u017eivota.mp3<\/a><\/audio>\n<p>\u013dahostajnos\u0165 v postmodernej spolo\u010dnosti<\/p>\n<audio class=\"wp-audio-shortcode\" id=\"audio-333-16\" preload=\"none\" style=\"width: 100%;\" controls=\"controls\"><source type=\"audio\/mpeg\" src=\"http:\/\/www.nadaciakrestanskaobnova.sk\/wp-content\/uploads\/2016\/08\/02-\u013dahostajnos\u0165-v-postmodernej-spolo\u010dnosti.mp3?_=16\" \/><a href=\"http:\/\/www.nadaciakrestanskaobnova.sk\/wp-content\/uploads\/2016\/08\/02-\u013dahostajnos\u0165-v-postmodernej-spolo\u010dnosti.mp3\">http:\/\/www.nadaciakrestanskaobnova.sk\/wp-content\/uploads\/2016\/08\/02-\u013dahostajnos\u0165-v-postmodernej-spolo\u010dnosti.mp3<\/a><\/audio>\n<p>\u017dije\u0161 pr\u00edtomnos\u0165<\/p>\n<audio class=\"wp-audio-shortcode\" id=\"audio-333-17\" preload=\"none\" style=\"width: 100%;\" controls=\"controls\"><source type=\"audio\/mpeg\" src=\"http:\/\/www.nadaciakrestanskaobnova.sk\/wp-content\/uploads\/2016\/08\/04-\u017dije\u0161-pr\u00edtomnos\u0165-.mp3?_=17\" \/><a href=\"http:\/\/www.nadaciakrestanskaobnova.sk\/wp-content\/uploads\/2016\/08\/04-\u017dije\u0161-pr\u00edtomnos\u0165-.mp3\">http:\/\/www.nadaciakrestanskaobnova.sk\/wp-content\/uploads\/2016\/08\/04-\u017dije\u0161-pr\u00edtomnos\u0165-.mp3<\/a><\/audio>\n<p>Existuje zlo- a \u010do je \u013eahostajnos\u0165?<\/p>\n<audio class=\"wp-audio-shortcode\" id=\"audio-333-18\" preload=\"none\" style=\"width: 100%;\" controls=\"controls\"><source type=\"audio\/mpeg\" src=\"http:\/\/www.nadaciakrestanskaobnova.sk\/wp-content\/uploads\/2016\/08\/05-Existuje-zlo-A-\u010do-je-\u013eahostajnos\u0165-.mp3?_=18\" \/><a href=\"http:\/\/www.nadaciakrestanskaobnova.sk\/wp-content\/uploads\/2016\/08\/05-Existuje-zlo-A-\u010do-je-\u013eahostajnos\u0165-.mp3\">http:\/\/www.nadaciakrestanskaobnova.sk\/wp-content\/uploads\/2016\/08\/05-Existuje-zlo-A-\u010do-je-\u013eahostajnos\u0165-.mp3<\/a><\/audio>\n<p>S k\u00fdm chcem \u017ei\u0165<\/p>\n<audio class=\"wp-audio-shortcode\" id=\"audio-333-19\" preload=\"none\" style=\"width: 100%;\" controls=\"controls\"><source type=\"audio\/mpeg\" src=\"http:\/\/www.nadaciakrestanskaobnova.sk\/wp-content\/uploads\/2016\/08\/06-S-k\u00fdm-chcem-\u017ei\u0165-.mp3?_=19\" \/><a href=\"http:\/\/www.nadaciakrestanskaobnova.sk\/wp-content\/uploads\/2016\/08\/06-S-k\u00fdm-chcem-\u017ei\u0165-.mp3\">http:\/\/www.nadaciakrestanskaobnova.sk\/wp-content\/uploads\/2016\/08\/06-S-k\u00fdm-chcem-\u017ei\u0165-.mp3<\/a><\/audio>\n<p>Tma a svetlo<\/p>\n<audio class=\"wp-audio-shortcode\" id=\"audio-333-20\" preload=\"none\" style=\"width: 100%;\" controls=\"controls\"><source type=\"audio\/mpeg\" src=\"http:\/\/www.nadaciakrestanskaobnova.sk\/wp-content\/uploads\/2016\/08\/07-Tma-a-svetlo.mp3?_=20\" \/><a href=\"http:\/\/www.nadaciakrestanskaobnova.sk\/wp-content\/uploads\/2016\/08\/07-Tma-a-svetlo.mp3\">http:\/\/www.nadaciakrestanskaobnova.sk\/wp-content\/uploads\/2016\/08\/07-Tma-a-svetlo.mp3<\/a><\/audio>\n<p>Svetlo &#8211; zdroj \u017eivota<\/p>\n<audio class=\"wp-audio-shortcode\" id=\"audio-333-21\" preload=\"none\" style=\"width: 100%;\" controls=\"controls\"><source type=\"audio\/mpeg\" src=\"http:\/\/www.nadaciakrestanskaobnova.sk\/wp-content\/uploads\/2016\/08\/08-Svetlo-zdroj-\u017eivota.mp3?_=21\" \/><a href=\"http:\/\/www.nadaciakrestanskaobnova.sk\/wp-content\/uploads\/2016\/08\/08-Svetlo-zdroj-\u017eivota.mp3\">http:\/\/www.nadaciakrestanskaobnova.sk\/wp-content\/uploads\/2016\/08\/08-Svetlo-zdroj-\u017eivota.mp3<\/a><\/audio>\n<p>O r\u00ed\u0161i vt\u00e1kov a nie len o nich<\/p>\n<audio class=\"wp-audio-shortcode\" id=\"audio-333-22\" preload=\"none\" style=\"width: 100%;\" controls=\"controls\"><source type=\"audio\/mpeg\" src=\"http:\/\/www.nadaciakrestanskaobnova.sk\/wp-content\/uploads\/2016\/08\/09-O-r\u00ed\u0161i-vt\u00e1kov-a-nie-len-o-nich.mp3?_=22\" \/><a href=\"http:\/\/www.nadaciakrestanskaobnova.sk\/wp-content\/uploads\/2016\/08\/09-O-r\u00ed\u0161i-vt\u00e1kov-a-nie-len-o-nich.mp3\">http:\/\/www.nadaciakrestanskaobnova.sk\/wp-content\/uploads\/2016\/08\/09-O-r\u00ed\u0161i-vt\u00e1kov-a-nie-len-o-nich.mp3<\/a><\/audio>\n<p>\u013dudstvo st\u00e1le h\u013ead\u00e1 Boha<\/p>\n<audio class=\"wp-audio-shortcode\" id=\"audio-333-23\" preload=\"none\" style=\"width: 100%;\" controls=\"controls\"><source type=\"audio\/mpeg\" src=\"http:\/\/www.nadaciakrestanskaobnova.sk\/wp-content\/uploads\/2016\/08\/10-\u013dudstvo-st\u00e1le-h\u013ead\u00e1-Boha.mp3?_=23\" \/><a href=\"http:\/\/www.nadaciakrestanskaobnova.sk\/wp-content\/uploads\/2016\/08\/10-\u013dudstvo-st\u00e1le-h\u013ead\u00e1-Boha.mp3\">http:\/\/www.nadaciakrestanskaobnova.sk\/wp-content\/uploads\/2016\/08\/10-\u013dudstvo-st\u00e1le-h\u013ead\u00e1-Boha.mp3<\/a><\/audio>\n<p>Udr\u017eujte si kond\u00edciu<\/p>\n<audio class=\"wp-audio-shortcode\" id=\"audio-333-24\" preload=\"none\" style=\"width: 100%;\" controls=\"controls\"><source type=\"audio\/mpeg\" src=\"http:\/\/www.nadaciakrestanskaobnova.sk\/wp-content\/uploads\/2016\/08\/11-Udr\u017eujte-si-kond\u00edciu.mp3?_=24\" \/><a href=\"http:\/\/www.nadaciakrestanskaobnova.sk\/wp-content\/uploads\/2016\/08\/11-Udr\u017eujte-si-kond\u00edciu.mp3\">http:\/\/www.nadaciakrestanskaobnova.sk\/wp-content\/uploads\/2016\/08\/11-Udr\u017eujte-si-kond\u00edciu.mp3<\/a><\/audio>\n<p>Vianoce prich\u00e1dzaj\u00fa ako vyk\u00fapenie<\/p>\n<audio class=\"wp-audio-shortcode\" id=\"audio-333-25\" preload=\"none\" style=\"width: 100%;\" controls=\"controls\"><source type=\"audio\/mpeg\" src=\"http:\/\/www.nadaciakrestanskaobnova.sk\/wp-content\/uploads\/2016\/08\/12-Vianoce-prich\u00e1dzaj\u00fa-ako-vyk\u00fapenie.mp3?_=25\" \/><a href=\"http:\/\/www.nadaciakrestanskaobnova.sk\/wp-content\/uploads\/2016\/08\/12-Vianoce-prich\u00e1dzaj\u00fa-ako-vyk\u00fapenie.mp3\">http:\/\/www.nadaciakrestanskaobnova.sk\/wp-content\/uploads\/2016\/08\/12-Vianoce-prich\u00e1dzaj\u00fa-ako-vyk\u00fapenie.mp3<\/a><\/audio>\n<p>Kto som a pre\u010do som sa narodil<\/p>\n<audio class=\"wp-audio-shortcode\" id=\"audio-333-26\" preload=\"none\" style=\"width: 100%;\" controls=\"controls\"><source type=\"audio\/mpeg\" src=\"http:\/\/www.nadaciakrestanskaobnova.sk\/wp-content\/uploads\/2016\/08\/13-Kto-som-a-pre\u010do-som-sa-narodil-.mp3?_=26\" \/><a href=\"http:\/\/www.nadaciakrestanskaobnova.sk\/wp-content\/uploads\/2016\/08\/13-Kto-som-a-pre\u010do-som-sa-narodil-.mp3\">http:\/\/www.nadaciakrestanskaobnova.sk\/wp-content\/uploads\/2016\/08\/13-Kto-som-a-pre\u010do-som-sa-narodil-.mp3<\/a><\/audio>\n<p>Je svet zrel\u00fd prija\u0165 tvoju dobrotu<\/p>\n<audio class=\"wp-audio-shortcode\" id=\"audio-333-27\" preload=\"none\" style=\"width: 100%;\" controls=\"controls\"><source type=\"audio\/mpeg\" src=\"http:\/\/www.nadaciakrestanskaobnova.sk\/wp-content\/uploads\/2016\/08\/14-Je-svet-zrel\u00fd-prija\u0165-tvoju-dobrotu-.mp3?_=27\" \/><a href=\"http:\/\/www.nadaciakrestanskaobnova.sk\/wp-content\/uploads\/2016\/08\/14-Je-svet-zrel\u00fd-prija\u0165-tvoju-dobrotu-.mp3\">http:\/\/www.nadaciakrestanskaobnova.sk\/wp-content\/uploads\/2016\/08\/14-Je-svet-zrel\u00fd-prija\u0165-tvoju-dobrotu-.mp3<\/a><\/audio>\n<p>Len to, \u010do je d\u00f4le\u017eit\u00e9, trv\u00e1 ve\u010dne<\/p>\n<audio class=\"wp-audio-shortcode\" id=\"audio-333-28\" preload=\"none\" style=\"width: 100%;\" controls=\"controls\"><source type=\"audio\/mpeg\" src=\"http:\/\/www.nadaciakrestanskaobnova.sk\/wp-content\/uploads\/2016\/08\/15-Len-to-\u010do-je-d\u00f4le\u017eit\u00e9-trv\u00e1-ve\u010dne.mp3?_=28\" \/><a href=\"http:\/\/www.nadaciakrestanskaobnova.sk\/wp-content\/uploads\/2016\/08\/15-Len-to-\u010do-je-d\u00f4le\u017eit\u00e9-trv\u00e1-ve\u010dne.mp3\">http:\/\/www.nadaciakrestanskaobnova.sk\/wp-content\/uploads\/2016\/08\/15-Len-to-\u010do-je-d\u00f4le\u017eit\u00e9-trv\u00e1-ve\u010dne.mp3<\/a><\/audio>\n<p>Prin\u00e1\u0161a tvoj \u017eivot dobr\u00e9 ovocie<\/p>\n<audio class=\"wp-audio-shortcode\" id=\"audio-333-29\" preload=\"none\" style=\"width: 100%;\" controls=\"controls\"><source type=\"audio\/mpeg\" src=\"http:\/\/www.nadaciakrestanskaobnova.sk\/wp-content\/uploads\/2016\/08\/16-Prin\u00e1\u0161a-tvoj-\u017eivot-dobr\u00e9-ovocie-.mp3?_=29\" \/><a href=\"http:\/\/www.nadaciakrestanskaobnova.sk\/wp-content\/uploads\/2016\/08\/16-Prin\u00e1\u0161a-tvoj-\u017eivot-dobr\u00e9-ovocie-.mp3\">http:\/\/www.nadaciakrestanskaobnova.sk\/wp-content\/uploads\/2016\/08\/16-Prin\u00e1\u0161a-tvoj-\u017eivot-dobr\u00e9-ovocie-.mp3<\/a><\/audio>\n<h3 style=\"text-align: center;\"><\/h3>\n<h3 style=\"text-align: center;\"><span style=\"color: #339966;\"><strong><em>Predn\u00e1\u0161ka na Zasadnut\u00ed Slovenskej Evanjelickej Jednoty, Bratislava, \u00a0 \u00a0 \u00a0 okt\u00f3ber 2015<\/em><\/strong><\/span><\/h3>\n<p style=\"text-align: center;\"><strong><em><a href=\"http:\/\/www.nadaciakrestanskaobnova.sk\/?page_id=435\">Je e\u0161te st\u00e1le potrebn\u00e1 reform\u00e1cia<\/a>?<\/em><\/strong><\/p>\n<h3 style=\"text-align: center;\"><span style=\"color: #339966;\"><strong><em>K\u00e1ze\u0148 \u00a0na Slu\u017eb\u00e1ch Bo\u017e\u00edch v nede\u013eu \u00a023.10.2016, ECAV \u00a0Bratislava-D\u00fabravka\u00a0<\/em><\/strong><\/span><\/h3>\n<audio class=\"wp-audio-shortcode\" id=\"audio-333-30\" preload=\"none\" style=\"width: 100%;\" controls=\"controls\"><source type=\"audio\/mpeg\" src=\"http:\/\/www.ecavdubravka.sk\/wp-content\/uploads\/2015\/12\/23.10.2016.mp3?_=30\" \/><a href=\"http:\/\/www.ecavdubravka.sk\/wp-content\/uploads\/2015\/12\/23.10.2016.mp3\">http:\/\/www.ecavdubravka.sk\/wp-content\/uploads\/2015\/12\/23.10.2016.mp3<\/a><\/audio>\n<p>&nbsp;<\/p>\n<h3 style=\"text-align: center;\"><span style=\"color: #339966;\"><strong><em>Medit\u00e1cia \u00a0na\u00a0Ve\u013ek\u00fd Piatok<\/em><\/strong><\/span><\/h3>\n<h6 style=\"text-align: center;\">(K\u00e1zan\u00e9 \u00a0v Toronte 14. apr\u00edla 2017)<\/h6>\n<p style=\"text-align: center;\"><strong><em>\u00a0<a href=\"http:\/\/www.nadaciakrestanskaobnova.sk\/wp-content\/uploads\/2016\/08\/Ve\u013ek\u00fd-Piatok.pdf\" target=\"_blank\" rel=\"noopener noreferrer\">Ve\u013ek\u00fd Piatok<\/a><\/em><\/strong><\/p>\n<h3 style=\"text-align: center;\"><em><strong>K\u00e1ze\u0148 Sv\u00e4todu\u0161n\u00e1 04.06.2017\u00a0<\/strong><\/em><\/h3>\n<audio class=\"wp-audio-shortcode\" id=\"audio-333-31\" preload=\"none\" style=\"width: 100%;\" controls=\"controls\"><source type=\"audio\/mpeg\" src=\"http:\/\/www.nadaciakrestanskaobnova.sk\/wp-content\/uploads\/2016\/08\/Pastor_Dusan_Toth_K\u00e1ze\u0148_June_4_2017_Pentecost_Sermon.mp3?_=31\" \/><a href=\"http:\/\/www.nadaciakrestanskaobnova.sk\/wp-content\/uploads\/2016\/08\/Pastor_Dusan_Toth_K\u00e1ze\u0148_June_4_2017_Pentecost_Sermon.mp3\">http:\/\/www.nadaciakrestanskaobnova.sk\/wp-content\/uploads\/2016\/08\/Pastor_Dusan_Toth_K\u00e1ze\u0148_June_4_2017_Pentecost_Sermon.mp3<\/a><\/audio>\n<p>K\u00e1ze\u0148 z 04.07.2017 z Adamovsk\u00fdch Kochanoviec<\/p>\n<audio class=\"wp-audio-shortcode\" id=\"audio-333-32\" preload=\"none\" style=\"width: 100%;\" controls=\"controls\"><source type=\"audio\/mpeg\" src=\"http:\/\/www.nadaciakrestanskaobnova.sk\/wp-content\/uploads\/2019\/11\/Pastor_Dusan_Toth_K\u00e1ze\u0148_KOCHANOVCE_June_4_2017_Pentecost_Sermon.mp3?_=32\" \/><a href=\"http:\/\/www.nadaciakrestanskaobnova.sk\/wp-content\/uploads\/2019\/11\/Pastor_Dusan_Toth_K\u00e1ze\u0148_KOCHANOVCE_June_4_2017_Pentecost_Sermon.mp3\">http:\/\/www.nadaciakrestanskaobnova.sk\/wp-content\/uploads\/2019\/11\/Pastor_Dusan_Toth_K\u00e1ze\u0148_KOCHANOVCE_June_4_2017_Pentecost_Sermon.mp3<\/a><\/audio>\n<p>&nbsp;<\/p>\n<p>Rel\u00e1cia internetov\u00e9ho r\u00e1dia Slobodn\u00fd vysiela\u010d z 18.07.2017<\/p>\n<h3><span style=\"color: #008000;\"><em><strong>V prvej l\u00ednii\u00a0 &#8211;\u00a0 Ten, ktor\u00fd posloven\u010dil Kanadu<\/strong><\/em><\/span><\/h3>\n<p>https:\/\/www.youtube.com\/watch?v=FsLO4KOpx1E<\/p>\n<p>12.04.2020<\/p>\n<p>Mil\u00ed moji priatelia,<\/p>\n<div>Pr\u00edjmite moju Ve\u013ekono\u010dn\u00fa medit\u00e1ciu, ako m\u00f4j \u00faprimn\u00fd pozdrav<\/div>\n<div>s pocitmi, ktor\u00e9 pre\u017e\u00edvam&#8230;<\/div>\n<div>V Jeho sluzbe<\/div>\n<div><\/div>\n<div>\n<p>Du\u0161an T\u00f3th<\/p>\n<div class=\"gmail_quote\">\n<div class=\"gmail_attr\" dir=\"ltr\"><\/div>\n<div>\n<div>\n<div>\n<div dir=\"ltr\"><a href=\"https:\/\/youtu.be\/N_4yO4EV2U8\" target=\"_blank\" rel=\"nofollow noopener noreferrer\" data-saferedirecturl=\"https:\/\/www.google.com\/url?q=https:\/\/youtu.be\/N_4yO4EV2U8&amp;source=gmail&amp;ust=1587388014088000&amp;usg=AFQjCNHuCOzrOy5uicRWUSuJzdaTfX1jHQ\">https:\/\/youtu.be\/N_4yO4EV2U8<\/a><\/div>\n<\/div>\n<div dir=\"ltr\"><\/div>\n<h3 dir=\"ltr\">19.04.2020<\/h3>\n<p>Mil\u00ed moji priatelia,<\/p>\n<div>V pr\u00edlohe posielam Medit\u00e1ciu na nede\u013eu 19.04.2020.<\/div>\n<div>\n<div>V Jeho slu\u017ebe<\/div>\n<div>Du\u0161an T\u00f3th<\/div>\n<div><\/div>\n<div>\n<div dir=\"ltr\"><a href=\"https:\/\/youtu.be\/gVAgDV5EOsA\" target=\"_blank\" rel=\"nofollow noopener noreferrer\" data-saferedirecturl=\"https:\/\/www.google.com\/url?q=https:\/\/youtu.be\/gVAgDV5EOsA&amp;source=gmail&amp;ust=1587388010487000&amp;usg=AFQjCNF5JM4DLtUilHnEBwm0t4uhsKM65g\">https:\/\/youtu.be\/gVAgDV5EOsA<\/a><\/div>\n<\/div>\n<\/div>\n<\/div>\n<div dir=\"ltr\"><\/div>\n<\/div>\n<\/div>\n<\/div>\n","protected":false},"excerpt":{"rendered":"<p>S l\u00e1skav\u00fdm s\u00fahlasom autora rev. Dr. Du\u0161ana T\u00f3tha MEDIT\u00c1CIE 1 Dar zraku Ak\u00fd bol d\u00f4vod tvojho pr\u00edchodu na svet Kde sa nach\u00e1dza \u0161\u0165astie Kto som- pre\u010do som na svete Je potrebn\u00e9 e\u0161te predstavi\u0165 Je\u017ei\u0161a Vyznanie ku D\u0148u matiek Dotyky l\u00e1sky &hellip; <a href=\"http:\/\/www.nadaciakrestanskaobnova.sk\/?page_id=333\">Pokra\u010dova\u0165 v \u010d\u00edtan\u00ed <span class=\"meta-nav\">&rarr;<\/span><\/a><\/p>\n","protected":false},"author":1,"featured_media":0,"parent":285,"menu_order":0,"comment_status":"closed","ping_status":"closed","template":"","meta":{"footnotes":""},"class_list":["post-333","page","type-page","status-publish","hentry"],"_links":{"self":[{"href":"http:\/\/www.nadaciakrestanskaobnova.sk\/index.php?rest_route=\/wp\/v2\/pages\/333","targetHints":{"allow":["GET"]}}],"collection":[{"href":"http:\/\/www.nadaciakrestanskaobnova.sk\/index.php?rest_route=\/wp\/v2\/pages"}],"about":[{"href":"http:\/\/www.nadaciakrestanskaobnova.sk\/index.php?rest_route=\/wp\/v2\/types\/page"}],"author":[{"embeddable":true,"href":"http:\/\/www.nadaciakrestanskaobnova.sk\/index.php?rest_route=\/wp\/v2\/users\/1"}],"replies":[{"embeddable":true,"href":"http:\/\/www.nadaciakrestanskaobnova.sk\/index.php?rest_route=%2Fwp%2Fv2%2Fcomments&post=333"}],"version-history":[{"count":45,"href":"http:\/\/www.nadaciakrestanskaobnova.sk\/index.php?rest_route=\/wp\/v2\/pages\/333\/revisions"}],"predecessor-version":[{"id":1778,"href":"http:\/\/www.nadaciakrestanskaobnova.sk\/index.php?rest_route=\/wp\/v2\/pages\/333\/revisions\/1778"}],"up":[{"embeddable":true,"href":"http:\/\/www.nadaciakrestanskaobnova.sk\/index.php?rest_route=\/wp\/v2\/pages\/285"}],"wp:attachment":[{"href":"http:\/\/www.nadaciakrestanskaobnova.sk\/index.php?rest_route=%2Fwp%2Fv2%2Fmedia&parent=333"}],"curies":[{"name":"wp","href":"https:\/\/api.w.org\/{rel}","templated":true}]}}